{"id":2676,"date":"2025-03-06T14:33:35","date_gmt":"2025-03-06T14:33:35","guid":{"rendered":"https:\/\/leiriartem.gql.pt\/?page_id=2676"},"modified":"2025-07-08T17:35:34","modified_gmt":"2025-07-08T17:35:34","slug":"signature-by-silvia-patricio","status":"publish","type":"page","link":"https:\/\/leiriartem.gql.pt\/en\/quartos\/signature-by-silvia-patricio\/","title":{"rendered":"Signature by S\u00edlvia Patr\u00edcio"},"content":{"rendered":"<div class=\"brz-root__container brz-reset-all brz brz-root__container-page\">\n<section id=\"768681953ef2eb94c7f3_xEu4pgqyAIgb\" class=\"brz-section brz-css-dt0zo9 brz-css-97oqzt\">\n<div class=\"brz-slick-slider brz-slick-slider__section\" data-slides-to-show=\"1\" data-slides-to-scroll=\"1\" data-arrows=\"true\" data-dots=\"true\" data-dots-class=\"brz-slick-slider__dots brz-slick-slider__dots--circle\" data-fade=\"false\" data-vertical=\"false\" data-auto-play=\"false\" data-auto-play-speed=\"3000\" data-animation-speed=\"500\" data-swipe=\"true\" data-responsive=\"%5B%7B%22breakpoint%22%3A767%2C%22settings%22%3A%7B%22slidesToShow%22%3A1%2C%22slidesToScroll%22%3A1%7D%7D%5D\">\n<div>\n<div class=\"brz-section__content brz-section--boxed brz-css-2m77at brz-css-1prt8zz\" data-brz-custom-id=\"zefoafPGG8_b\">\n<div class=\"brz-bg\">\n<div class=\"brz-bg-image\"><\/div>\n<\/div>\n<div class=\"brz-container brz-css-chjhq5\">\n<div id=\"\" class=\"brz-css-egdhsk brz-css-1cdrjim brz-wrapper\">\n<div class=\"brz-spacer brz-css-1a4f6hx brz-css-14322xu\"><\/div>\n<\/div>\n<\/div>\n<\/div>\n<\/div>\n<p><svg class=\"brz-icon-svg align-[initial] brz-hidden\"><use href=\"\/wp-content\/plugins\/brizy\/public\/editor-build\/prod\/editor\/icons\/editor\/right-arrow-thin.svg#brz_icon\"><\/use><\/svg><\/div>\n<\/section>\n<section id=\"273de92bb5b2eb5f2814_v3XdaXNs0qUu\" class=\"brz-section brz-css-dt0zo9\">\n<div class=\"brz-section__content brz-section--boxed brz-css-2m77at brz-css-1ok1sts\" data-brz-custom-id=\"hivui6qrCQ8t\">\n<div class=\"brz-container brz-css-chjhq5\">\n<div class=\"brz-row__container brz-css-1gzg7ee\" data-brz-custom-id=\"q9GNIDlsAew_\">\n<div class=\"brz-bg\"><\/div>\n<div class=\"brz-row brz-css-1p5u7ng brz-css-4gyq5u\">\n<div class=\"brz-columns brz-css-fsqn4 brz-css-1sdc5h9\" data-brz-custom-id=\"pY0JHhWPpaTo\">\n<div class=\"brz-bg\"><\/div>\n<div class=\"brz-column__items brz-css-14pge15 brz-css-1js8yfh\">\n<div id=\"\" class=\"brz-css-egdhsk brz-css-1tq95ry brz-wrapper\">\n<div class=\"brz-rich-text brz-rich-text__custom brz-css-1pcufr7\" data-brz-custom-id=\"qfiHTsntnRn0\">\n<div data-brz-translate-text=\"1\">\n<h1 class=\"brz-tp-lg-heading2 brz-text-lg-left brz-text-xs-left brz-mb-lg-0 brz-mt-lg-0 brz-css-urGyp\" data-uniq-id=\"rmf6A\" data-generated-css=\"brz-css-ugBuq\"><span class=\"brz-cp-color2\" style=\"color: rgba(var(--brz-global-color2),1);\">Quarto Signature by S\u00edlvia Patr\u00edcio<\/span><\/h1>\n<\/div>\n<\/div>\n<\/div>\n<div id=\"\" class=\"brz-css-egdhsk brz-css-1tbj21z brz-wrapper\">\n<div class=\"brz-rich-text brz-rich-text__custom brz-css-1pcufr7\" data-brz-custom-id=\"hcpUvnElBAO6\">\n<div data-brz-translate-text=\"1\">\n<h2 class=\"brz-mt-lg-0 brz-mb-lg-0 brz-text-lg-left brz-tp-lg-heading2 brz-text-xs-left brz-css-mf6Ir\" data-generated-css=\"brz-css-v6gA8\" data-uniq-id=\"t8QY8\"><span class=\"brz-cp-color4\" style=\"color: rgba(var(--brz-global-color4),1);\">O Voo<\/span><\/h2>\n<\/div>\n<\/div>\n<\/div>\n<div id=\"\" class=\"brz-css-egdhsk brz-css-1mmxplx brz-wrapper\">\n<div class=\"brz-rich-text brz-rich-text__custom brz-css-1pcufr7\" data-brz-custom-id=\"fD2dzvWAoN8o\">\n<div data-brz-translate-text=\"1\">\n<p class=\"brz-text-xs-left brz-tp-lg-paragraph brz-text-lg-left brz-css-pzxuy\" data-generated-css=\"brz-css-rQpHM\" data-uniq-id=\"uYJVq\"><span style=\"color: rgba(var(--brz-global-color2),1);\" class=\"brz-cp-color2\">Com o objetivo de promover a arte local e proporcionar uma experi\u00eancia \u00fanica aos seus h\u00f3spedes, convid\u00e1mos v\u00e1rios artistas da regi\u00e3o de Leiria a decorar dez dos nossos 27 quartos. Esta colabora\u00e7\u00e3o pretende n\u00e3o s\u00f3 dotar o Leiriartem Hotel de um ambiente mais distintivo e criativo, mas tamb\u00e9m celebrar e divulgar o talento dos artistas leirienses, transformando os quartos em verdadeiras galerias de arte contempor\u00e2nea, onde cada detalhe reflete a criatividade e a identidade cultural dos artistas e da regi\u00e3o. <\/span><strong style=\"color: rgba(var(--brz-global-color2),1);\" class=\"brz-cp-color2\">Conhe\u00e7a o quarto Signature by S\u00edlvia Patr\u00edcio, intitulado &#8220;O Voo&#8221;.<\/strong><\/p>\n<\/div>\n<\/div>\n<\/div>\n<\/div>\n<\/div>\n<\/div>\n<\/div>\n<div id=\"\" class=\"brz-css-egdhsk brz-css-1cdrjim brz-css-1jzwd6u brz-wrapper\">\n<div class=\"brz-spacer brz-css-1a4f6hx brz-css-qbbcnh\"><\/div>\n<\/div>\n<\/div>\n<\/div>\n<\/section>\n<section id=\"f7e44d5edb885a9f7451_qDzOu_Z6n7T6\" class=\"brz-section brz-css-dt0zo9\">\n<div class=\"brz-section__content brz-section--boxed brz-css-2m77at brz-css-2pezjd\" data-brz-custom-id=\"dP9qfZH2XLSj\">\n<div class=\"brz-bg\">\n<div class=\"brz-bg-color\"><\/div>\n<\/div>\n<div class=\"brz-container brz-css-chjhq5\">\n<div class=\"brz-row__container brz-css-1gzg7ee brz-css-157gsu9\" data-brz-custom-id=\"vVbXzZsvNeO6\">\n<div class=\"brz-bg\"><\/div>\n<div class=\"brz-row brz-css-1p5u7ng brz-css-4gyq5u\">\n<div class=\"brz-columns brz-css-fsqn4\" data-brz-custom-id=\"gzsa7Tdmssa3\">\n<div class=\"brz-bg\"><\/div>\n<div class=\"brz-column__items brz-css-14pge15 brz-css-q8uyrk\">\n<div id=\"\" class=\"brz-css-egdhsk brz-css-1cdrjim brz-css-t8hjyw brz-wrapper\">\n<div class=\"brz-spacer brz-css-1a4f6hx brz-css-1kwdcfa\"><\/div>\n<\/div>\n<div id=\"\" class=\"brz-css-egdhsk brz-css-f1uvoz brz-wrapper\">\n<div class=\"brz-rich-text brz-rich-text__custom brz-css-1pcufr7\" data-brz-custom-id=\"ciLUHFfrtBMd\">\n<div data-brz-translate-text=\"1\">\n<h3 class=\"brz-mb-lg-0 brz-mt-lg-0 brz-text-lg-left brz-tp-lg-heading2 brz-text-xs-left brz-css-ciLWg\" data-generated-css=\"brz-css-hCFdx\" data-uniq-id=\"gPEuc\"><span class=\"brz-cp-color4\" style=\"color: rgba(var(--brz-global-color4),1);\">Conceito<\/span><\/h3>\n<\/div>\n<\/div>\n<\/div>\n<div id=\"\" class=\"brz-css-egdhsk brz-css-10n6l6x brz-wrapper\">\n<div class=\"brz-rich-text brz-rich-text__custom brz-css-1pcufr7\" data-brz-custom-id=\"hLHyznA8SsN2\">\n<div data-brz-translate-text=\"1\">\n<p class=\"brz-text-lg-left brz-tp-lg-empty brz-ff-open_sans brz-ft-google brz-fs-lg-16 brz-fss-lg-px brz-fw-lg-400 brz-ls-lg-m_0_2 brz-lh-lg-1_7 brz-vfw-lg-400 brz-fwdth-lg-100 brz-fsft-lg-0 brz-css-o6mOU\" data-generated-css=\"brz-css-sumzu\" data-uniq-id=\"oX56z\"><span class=\"brz-cp-color2\" style=\"color: rgba(var(--brz-global-color2),1);\">A Ilha dos Amores, retratada por Lu\u00eds de Cam\u00f5es em &#8220;<\/span><u class=\"brz-cp-color2 brz-underline-true\" style=\"color: rgba(var(--brz-global-color2),1);\">Os Lus\u00edadas<\/u><span class=\"brz-cp-color2\" style=\"color: rgba(var(--brz-global-color2),1);\">&#8220;, \u00e9 um local de encantamento e paix\u00e3o, onde os navegadores portugueses, liderados por Vasco da Gama, encontram repouso e deleite ap\u00f3s as suas jornadas \u00e1rduas. Este cen\u00e1rio m\u00edtico, pleno de beleza e sedu\u00e7\u00e3o, pode ser revisitado atrav\u00e9s da pintura \u201cO Voo\u201d, de S\u00edlvia Patr\u00edcio, acompanhado por um cen\u00e1rio de cores quentes e ex\u00f3ticas.<\/span><\/p>\n<p class=\"brz-tp-lg-paragraph brz-text-lg-left brz-css-pUwdn\" data-generated-css=\"brz-css-dKb2e\" data-uniq-id=\"y3rkV\"><span class=\"brz-cp-color2\" style=\"color: rgba(var(--brz-global-color2),1);\"> <\/span><\/p>\n<p class=\"brz-tp-lg-paragraph brz-text-lg-left brz-css-aaPyw\" data-generated-css=\"brz-css-zwzlV\" data-uniq-id=\"cj1_q\"><span class=\"brz-cp-color2\" style=\"color: rgba(var(--brz-global-color2),1);\">Uma pintura vibrante que captura a ess\u00eancia do movimento e da liberdade, simbolizada pelos p\u00e1ssaros esvoa\u00e7antes.<\/span><\/p>\n<p class=\"brz-tp-lg-paragraph brz-text-lg-left brz-css-stuae\" data-generated-css=\"brz-css-i7nse\" data-uniq-id=\"cH8bB\"><span class=\"brz-cp-color2\" style=\"color: rgba(var(--brz-global-color2),1);\">Um voo que se manifesta num ritmo entre as cores e a transpar\u00eancia, entre a vida e a transforma\u00e7\u00e3o, num movimento entre passado, presente e futuro.<\/span><\/p>\n<p class=\"brz-tp-lg-paragraph brz-text-lg-left brz-css-mPHnn\" data-generated-css=\"brz-css-yKrfh\" data-uniq-id=\"ecLmN\"><span class=\"brz-cp-color2\" style=\"color: rgba(var(--brz-global-color2),1);\"> <\/span><\/p>\n<p class=\"brz-tp-lg-paragraph brz-text-lg-left brz-css-v0uo0\" data-generated-css=\"brz-css-nbdeu\" data-uniq-id=\"x3DOZ\"><span class=\"brz-cp-color2\" style=\"color: rgba(var(--brz-global-color2),1);\">Como os navegadores portugueses, que cruzaram oceanos e mares numa descoberta de novos produtos, enriquecendo a nossa cultura e a vida quotidiana, as especiarias, como o cravo, a pimenta ou a noz-moscada, representadas pelas cores intensas nas asas dos p\u00e1ssaros, simbolizam a mistura de culturas e a troca de conhecimentos que enriqueceram o Oriente e o Ocidente.<\/span><\/p>\n<p class=\"brz-tp-lg-paragraph brz-text-lg-left brz-css-tO4Ws\" data-generated-css=\"brz-css-qmSKY\" data-uniq-id=\"xYgyc\"><span class=\"brz-cp-color2\" style=\"color: rgba(var(--brz-global-color2),1);\"> <\/span><\/p>\n<p class=\"brz-tp-lg-paragraph brz-text-lg-left brz-css-l0Nre\" data-generated-css=\"brz-css-lhYiN\" data-uniq-id=\"woSF0\"><span class=\"brz-cp-color2\" style=\"color: rgba(var(--brz-global-color2),1);\">Os p\u00e1ssaros de S\u00edlvia Patr\u00edcio representam a transforma\u00e7\u00e3o e a exuber\u00e2ncia de um novo mundo, celebrado no movimento das aves que simbolizam um aspecto da aventura, da descoberta e do encontro com culturas e riquezas at\u00e9 ent\u00e3o inexploradas.<\/span><\/p>\n<p class=\"brz-tp-lg-paragraph brz-text-lg-left brz-css-bdVY5\" data-generated-css=\"brz-css-p0_2Y\" data-uniq-id=\"u_dgt\"><span class=\"brz-cp-color2\" style=\"color: rgba(var(--brz-global-color2),1);\">Deste modo, a pintura &#8220;O Voo&#8221; e a Ilha dos Amores entrela\u00e7am-se numa celebra\u00e7\u00e3o de jornada e de descoberta \u00e9pica. Ambas as obras exaltam a beleza do encontro com o desconhecido e a transforma\u00e7\u00e3o que dele decorre. Nesta fus\u00e3o entre a poesia \u00e9pica de Cam\u00f5es e a pintura, encontramos um tributo ao hero\u00edsmo, \u00e0 curiosidade e \u00e0 celebra\u00e7\u00e3o das diferen\u00e7as tornando a vida mais intensa.<\/span><\/p>\n<\/div>\n<\/div>\n<\/div>\n<div id=\"\" class=\"brz-css-egdhsk brz-css-1cdrjim brz-wrapper\">\n<div class=\"brz-spacer brz-css-1a4f6hx brz-css-1taijq3\"><\/div>\n<\/div>\n<div class=\"brz-wrapper-clone brz-css-992u8n brz-css-12vtoao\">\n<div class=\"brz-d-xs-flex brz-flex-xs-wrap brz-css-184p8u5 brz-css-1hnh38o\" data-brz-custom-id=\"\">\n<div class=\"brz-wrapper-clone__item\" id=\"w51wtwEg8e32\"><a class=\"brz-a brz-btn brz-css-abjbdb brz-css-1ayj530 brz-css-1sjbyc5 brz-css-1u0jovq\" href=\"https:\/\/www.secure-hotel-booking.com\/Hotel-LeiriArtem\/J1XX\/\" target=\"_blank\" rel=\"noopener\" data-brz-link-type=\"external\" data-brz-custom-id=\"w51wtwEg8e32\"><svg class=\"brz-icon-svg align-[initial] brz-css-15ai0so brz-css-1wk5kzh\"><use href=\"\/wp-content\/plugins\/brizy\/public\/editor-build\/prod\/editor\/icons\/outline\/calendar-grid-61.svg#nc_icon\"><\/use><\/svg><span data-brz-translate-text=\"1\" class=\"brz-span brz-text__editor\">DESDE 109 \u20ac<\/span><\/a><\/div>\n<\/div>\n<\/div>\n<div id=\"\" class=\"brz-css-egdhsk brz-css-1cdrjim brz-css-hovygm brz-wrapper\">\n<div class=\"brz-spacer brz-css-1a4f6hx brz-css-ry5jel\"><\/div>\n<\/div>\n<div class=\"brz-row__container brz-css-1gzg7ee\" data-brz-custom-id=\"bGVjcaePhqvM\">\n<div class=\"brz-bg\"><\/div>\n<div class=\"brz-row brz-row--inner brz-css-1p5u7ng brz-css-4gyq5u\">\n<div class=\"brz-columns brz-css-fsqn4 brz-css-2lhx35\" data-brz-custom-id=\"xMEKQ1sMC2Ta\">\n<div class=\"brz-bg\"><\/div>\n<div class=\"brz-column__items brz-css-14pge15 brz-css-mvuuid\">\n<div id=\"\" class=\"brz-css-egdhsk brz-css-1u255le brz-wrapper\">\n<div class=\"brz-icon-text brz-css-pm2rri brz-css-7vz2lk\" data-brz-custom-id=\"xvsGlc6zjAeR\">\n<div class=\"brz-icon__container\" data-brz-custom-id=\"wkSTjKXGZXnv\"><span class=\"brz-icon brz-span brz-css-18456n8 brz-css-wqtn4b\"><svg class=\"brz-icon-svg align-[initial]\"><use href=\"\/wp-content\/plugins\/brizy\/public\/editor-build\/prod\/editor\/icons\/outline\/quote.svg#nc_icon\"><\/use><\/svg><\/span><\/div>\n<div class=\"brz-text-btn\">\n<div class=\"brz-rich-text brz-rich-text__custom brz-css-1pcufr7\" data-brz-custom-id=\"afidYokDSln1\">\n<div data-brz-translate-text=\"1\">\n<h6 class=\"brz-tp-lg-heading6 brz-css-lP7TR\" data-generated-css=\"brz-css-xY4Ak\" data-uniq-id=\"nLx9K\"><span class=\"brz-cp-color4\" style=\"color: rgba(var(--brz-global-color4),1);\">Os p\u00e1ssaros representam a transforma\u00e7\u00e3o e a exuber\u00e2ncia de um novo mundo, celebrado no movimento das aves que simbolizam um aspeto da aventura, da descoberta e do encontro com culturas e riquezas at\u00e9 ent\u00e3o inexploradas.<\/span><\/h6>\n<\/div>\n<\/div>\n<\/div>\n<\/div>\n<\/div>\n<\/div>\n<\/div>\n<\/div>\n<\/div>\n<\/div>\n<\/div>\n<div class=\"brz-columns brz-css-fsqn4 brz-css-mjammr\" data-brz-custom-id=\"lgBpdNzYGhhO\">\n<div class=\"brz-bg\"><\/div>\n<div class=\"brz-column__items brz-css-14pge15 brz-css-1cvkunl\">\n<div id=\"\" class=\"brz-css-egdhsk brz-css-wpokvb brz-wrapper\">\n<div class=\"brz-carousel brz-css-19bd11k brz-css-1dtldbk\" data-brz-custom-id=\"zXr7eOxj2hMe\">\n<div class=\"brz-carousel__slider\" data-slides-to-show=\"1\" data-slides-to-scroll=\"1\" data-arrows=\"true\" data-dots=\"false\" data-dots-class=\"brz-slick-slider__dots brz-slick-slider__dots--none\" data-auto-play=\"false\" data-auto-play-speed=\"3000\" data-swipe=\"true\" data-fade=\"true\" data-transition-speed=\"3.5\" data-responsive=\"%5B%7B%22breakpoint%22%3A991%2C%22settings%22%3A%7B%22slidesToShow%22%3A2%2C%22slidesToScroll%22%3A1%7D%7D%2C%7B%22breakpoint%22%3A767%2C%22settings%22%3A%7B%22slidesToShow%22%3A1%2C%22slidesToScroll%22%3A1%7D%7D%5D\">\n<div class=\"brz-carousel__item\">\n<div class=\"brz-columns brz-css-fsqn4 brz-css-1ysrpco brz-css-720j7x\" data-brz-custom-id=\"jyFGp46mIs9r\">\n<div class=\"brz-bg\"><\/div>\n<div class=\"brz-column__items brz-css-14pge15 brz-css-1bltvzw\">\n<div id=\"\" class=\"brz-css-egdhsk brz-css-1dq2d3b brz-wrapper\">\n<div class=\"brz-image brz-image__lightbox brz-css-yfzkcv\" data-brz-custom-id=\"ur9HASoX2RGs\"><a class=\"brz-a\" href=\"https:\/\/leiriartem.gql.pt\/wp-content\/uploads\/2025\/06\/LeiriArtem57-scaled.jpg\" target=\"_self\" rel=\"noopener\" data-brz-link-type=\"lightBox\"><picture class=\"brz-picture brz-d-block brz-p-relative brz-css-daqjfo\"><source srcset=\"https:\/\/leiriartem.gql.pt\/wp-content\/uploads\/brizy\/imgs\/LeiriArtem57-scaled-694x463x69x0x555x463x1750871281.jpg 1x, https:\/\/leiriartem.gql.pt\/wp-content\/uploads\/brizy\/imgs\/LeiriArtem57-scaled-1388x926x138x0x1110x926x1750871281.jpg 2x\" media=\"(min-width: 992px)\"><source srcset=\"https:\/\/leiriartem.gql.pt\/?brizy_media=wp-eb0a507d87b260e88d5e37a946fdbad6.jpg&amp;brizy_crop=iW%3D177%26iH%3D118%26oX%3D0%26oY%3D24%26cW%3D177%26cH%3D71 1x, https:\/\/leiriartem.gql.pt\/?brizy_media=wp-eb0a507d87b260e88d5e37a946fdbad6.jpg&amp;brizy_crop=iW%3D354%26iH%3D236%26oX%3D0%26oY%3D48%26cW%3D354%26cH%3D142 2x\" media=\"(min-width: 768px)\"><img decoding=\"async\" class=\"brz-img\" srcset=\"https:\/\/leiriartem.gql.pt\/?brizy_media=wp-eb0a507d87b260e88d5e37a946fdbad6.jpg&amp;brizy_crop=iW%3D430%26iH%3D287%26oX%3D0%26oY%3D57%26cW%3D430%26cH%3D172 1x, https:\/\/leiriartem.gql.pt\/wp-content\/uploads\/brizy\/imgs\/LeiriArtem57-scaled-860x574x0x114x860x344x1750871281.jpg 2x\" src=\"https:\/\/leiriartem.gql.pt\/wp-content\/uploads\/brizy\/imgs\/LeiriArtem57-scaled-694x463x69x0x555x463x1750871281.jpg\" alt=\"\" draggable=\"false\" loading=\"lazy\"><\/picture><\/a><\/div>\n<\/div>\n<\/div>\n<\/div>\n<\/div>\n<div class=\"brz-carousel__item\">\n<div class=\"brz-columns brz-css-fsqn4 brz-css-1ysrpco brz-css-1p2tf1y\" data-brz-custom-id=\"aDGAzc6uTbVC\">\n<div class=\"brz-bg\"><\/div>\n<div class=\"brz-column__items brz-css-14pge15 brz-css-1c0f6g4\">\n<div id=\"\" class=\"brz-css-egdhsk brz-css-1d137lo brz-wrapper\">\n<div class=\"brz-image brz-image__lightbox brz-css-1fkigb5\" data-brz-custom-id=\"aZIJ9tGH86n9\"><a class=\"brz-a\" href=\"https:\/\/leiriartem.gql.pt\/wp-content\/uploads\/2025\/02\/SilviaPatricio.webp\" target=\"_self\" rel=\"noopener\" data-brz-link-type=\"lightBox\"><picture class=\"brz-picture brz-d-block brz-p-relative brz-css-yms5iv\"><source srcset=\"https:\/\/leiriartem.gql.pt\/wp-content\/uploads\/brizy\/imgs\/SilviaPatricio-694x463x69x0x555x463x1738766876.webp 1x, https:\/\/leiriartem.gql.pt\/wp-content\/uploads\/brizy\/imgs\/SilviaPatricio-1388x926x138x0x1110x926x1738766876.webp 2x\" media=\"(min-width: 992px)\"><source srcset=\"https:\/\/leiriartem.gql.pt\/wp-content\/uploads\/brizy\/imgs\/SilviaPatricio-239x159x31x0x177x159x1738766876.webp 1x, https:\/\/leiriartem.gql.pt\/wp-content\/uploads\/brizy\/imgs\/SilviaPatricio-478x318x62x0x354x318x1738766876.webp 2x\" media=\"(min-width: 768px)\"><img decoding=\"async\" class=\"brz-img\" srcset=\"https:\/\/leiriartem.gql.pt\/wp-content\/uploads\/brizy\/imgs\/SilviaPatricio-581x387x75x0x430x387x1738766876.webp 1x, https:\/\/leiriartem.gql.pt\/wp-content\/uploads\/brizy\/imgs\/SilviaPatricio-1162x774x150x0x860x774x1738766876.webp 2x\" src=\"https:\/\/leiriartem.gql.pt\/wp-content\/uploads\/brizy\/imgs\/SilviaPatricio-694x463x69x0x555x463x1738766876.webp\" alt=\"Quarto Signature by S\u00edlvia Patr\u00edcio - Leiriartem Leiria Artem Hotel - Grupo Quinta dos Lagos\" draggable=\"false\" loading=\"lazy\"><\/picture><\/a><\/div>\n<\/div>\n<\/div>\n<\/div>\n<\/div>\n<div class=\"brz-carousel__item\">\n<div class=\"brz-columns brz-css-fsqn4 brz-css-1ysrpco brz-css-i1j01w\" data-brz-custom-id=\"fdj8VFUqtM1H\">\n<div class=\"brz-bg\"><\/div>\n<div class=\"brz-column__items brz-css-14pge15 brz-css-x7hjnk\">\n<div id=\"\" class=\"brz-css-egdhsk brz-css-1j3flb4 brz-wrapper\">\n<div class=\"brz-image brz-image__lightbox brz-css-1b77eqm\" data-brz-custom-id=\"z2oxixU8hHqP\"><a class=\"brz-a\" href=\"https:\/\/leiriartem.gql.pt\/wp-content\/uploads\/2025\/02\/SilviaPatricio-3.webp\" target=\"_self\" rel=\"noopener\" data-brz-link-type=\"lightBox\"><picture class=\"brz-picture brz-d-block brz-p-relative brz-css-16d9bou\"><source srcset=\"https:\/\/leiriartem.gql.pt\/wp-content\/uploads\/brizy\/imgs\/SilviaPatricio-3-694x463x69x0x555x463x1738766870.webp 1x, https:\/\/leiriartem.gql.pt\/wp-content\/uploads\/brizy\/imgs\/SilviaPatricio-3-1388x926x138x0x1110x926x1738766870.webp 2x\" media=\"(min-width: 992px)\"><source srcset=\"https:\/\/leiriartem.gql.pt\/wp-content\/uploads\/brizy\/imgs\/SilviaPatricio-3-239x159x31x0x177x159x1738766870.webp 1x, https:\/\/leiriartem.gql.pt\/wp-content\/uploads\/brizy\/imgs\/SilviaPatricio-3-478x318x62x0x354x318x1738766870.webp 2x\" media=\"(min-width: 768px)\"><img decoding=\"async\" class=\"brz-img\" srcset=\"https:\/\/leiriartem.gql.pt\/wp-content\/uploads\/brizy\/imgs\/SilviaPatricio-3-430x287x0x57x430x172x1738766870.webp 1x, https:\/\/leiriartem.gql.pt\/wp-content\/uploads\/brizy\/imgs\/SilviaPatricio-3-860x574x0x114x860x344x1738766870.webp 2x\" src=\"https:\/\/leiriartem.gql.pt\/wp-content\/uploads\/brizy\/imgs\/SilviaPatricio-3-694x463x69x0x555x463x1738766870.webp\" alt=\"Quarto Signature by S\u00edlvia Patr\u00edcio - Leiriartem Leiria Artem Hotel - Grupo Quinta dos Lagos\" draggable=\"false\" loading=\"lazy\"><\/picture><\/a><\/div>\n<\/div>\n<\/div>\n<\/div>\n<\/div>\n<p><svg class=\"brz-icon-svg align-[initial] brz-hidden\"><use href=\"\/wp-content\/plugins\/brizy\/public\/editor-build\/prod\/editor\/icons\/editor\/right-arrow-thin.svg#brz_icon\"><\/use><\/svg><\/div>\n<\/div>\n<\/div>\n<div class=\"brz-row__container brz-css-1gzg7ee\" data-brz-custom-id=\"erkusrpgSql5\">\n<div class=\"brz-bg\"><\/div>\n<div class=\"brz-row brz-row--inner brz-css-1p5u7ng brz-css-4gyq5u\">\n<div class=\"brz-columns brz-css-fsqn4 brz-css-j041j\" data-brz-custom-id=\"rxkttdsPmrtO\">\n<div class=\"brz-bg\">\n<div class=\"brz-bg-color\"><\/div>\n<\/div>\n<div class=\"brz-column__items brz-css-14pge15 brz-css-vmq8tf\">\n<div id=\"\" class=\"brz-css-egdhsk brz-css-3ezz2h brz-wrapper\">\n<div class=\"brz-icon-text brz-css-pm2rri brz-css-ovvch\" data-brz-custom-id=\"y2ldPGAz4RP8\">\n<div class=\"brz-icon__container\" data-brz-custom-id=\"p_3faDlaPeSy\"><span class=\"brz-icon brz-span brz-css-18456n8 brz-css-i9jlnj\"><svg class=\"brz-icon-svg align-[initial]\"><use href=\"\/wp-content\/plugins\/brizy\/public\/editor-build\/prod\/editor\/icons\/outline\/quote.svg#nc_icon\"><\/use><\/svg><\/span><\/div>\n<div class=\"brz-text-btn\">\n<div class=\"brz-rich-text brz-rich-text__custom brz-css-1pcufr7\" data-brz-custom-id=\"gDQzfKCkS7qg\">\n<div data-brz-translate-text=\"1\">\n<h6 data-generated-css=\"brz-css-qNVdy\" data-uniq-id=\"mhjgv\" class=\"brz-tp-lg-heading6 brz-css-vmNH1\"><span class=\"brz-cp-color8\" style=\"color: rgba(var(--brz-global-color8),1);\">Os p\u00e1ssaros representam a transforma\u00e7\u00e3o e a exuber\u00e2ncia de um novo mundo, celebrado no movimento das aves que simbolizam um aspeto da aventura, da descoberta e do encontro com culturas e riquezas at\u00e9 ent\u00e3o inexploradas.<\/span><\/h6>\n<\/div>\n<\/div>\n<\/div>\n<\/div>\n<\/div>\n<\/div>\n<\/div>\n<\/div>\n<\/div>\n<\/div>\n<\/div>\n<\/div>\n<\/div>\n<\/div>\n<\/div>\n<\/section>\n<section id=\"35b37c1585b6a2cf3d05_rahuWhkmXWBq\" class=\"brz-section brz-css-dt0zo9\">\n<div class=\"brz-section__content brz-section--boxed brz-css-2m77at brz-css-7x1aez\" data-brz-custom-id=\"owVCD0NUzuh7\">\n<div class=\"brz-bg\">\n<div class=\"brz-bg-color\"><\/div>\n<\/div>\n<div class=\"brz-container brz-css-chjhq5\">\n<div class=\"brz-row__container brz-css-1gzg7ee\" data-brz-custom-id=\"bJsMyYnDry3X\">\n<div class=\"brz-bg\"><\/div>\n<div class=\"brz-row brz-css-1p5u7ng brz-css-4gyq5u\">\n<div class=\"brz-columns brz-css-fsqn4 brz-css-jmni8g\" data-brz-custom-id=\"w2RgkbaeWfzX\">\n<div class=\"brz-bg\"><\/div>\n<div class=\"brz-column__items brz-css-14pge15 brz-css-fbybv0\">\n<div id=\"\" class=\"brz-css-egdhsk brz-wrapper\">\n<div class=\"brz-rich-text brz-rich-text__custom brz-css-1pcufr7\" data-brz-custom-id=\"bIfKGVfN6uKQ\">\n<div data-brz-translate-text=\"1\">\n<h3 data-generated-css=\"brz-css-duCOT\" data-uniq-id=\"rb4no\" class=\"brz-tp-lg-heading2 brz-mt-xs-0 brz-mb-xs-0 brz-mt-lg-0 brz-mb-lg-0 brz-bcp-color4 brz-text-lg-center brz-text-xs-center brz-css-sM3HV\"><span class=\"brz-cp-color2\" style=\"color: rgba(var(--brz-global-color2),1);\">Galeria<\/span><\/h3>\n<\/div>\n<\/div>\n<\/div>\n<\/div>\n<\/div>\n<\/div>\n<\/div>\n<\/div>\n<\/div>\n<\/section>\n<section id=\"galeria\" class=\"brz-section brz-css-dt0zo9 brz-css-q5obrm\">\n<div class=\"brz-section__content brz-section--boxed brz-css-2m77at brz-css-jbryus\" data-brz-custom-id=\"hMoiFwytk9D5\">\n<div class=\"brz-bg\">\n<div class=\"brz-bg-color\"><\/div>\n<\/div>\n<div class=\"brz-container brz-css-chjhq5\">\n<div class=\"brz-row__container brz-css-1gzg7ee brz-css-1tkb5d0\" data-brz-custom-id=\"gRb_tHVcfNZd\">\n<div class=\"brz-bg\"><\/div>\n<div class=\"brz-row brz-css-1p5u7ng brz-css-1aoaicn\">\n<div class=\"brz-columns brz-css-fsqn4 brz-css-1c43fzh\" data-brz-custom-id=\"kQoqbtTPOs6G\">\n<div class=\"brz-bg\"><\/div>\n<div class=\"brz-column__items brz-css-14pge15 brz-css-1xlky2b\">\n<div id=\"\" class=\"brz-css-egdhsk brz-css-263f5b brz-wrapper\">\n<div class=\"brz-carousel brz-css-19bd11k brz-css-60imhi\" data-brz-custom-id=\"uyUSIc540anB\">\n<div class=\"brz-carousel__slider\" data-slides-to-show=\"3\" data-slides-to-scroll=\"1\" data-arrows=\"true\" data-dots=\"false\" data-dots-class=\"brz-slick-slider__dots brz-slick-slider__dots--none\" data-auto-play=\"false\" data-auto-play-speed=\"3000\" data-swipe=\"true\" data-fade=\"false\" data-transition-speed=\"3.5\" data-responsive=\"%5B%7B%22breakpoint%22%3A991%2C%22settings%22%3A%7B%22slidesToShow%22%3A2%2C%22slidesToScroll%22%3A1%7D%7D%2C%7B%22breakpoint%22%3A767%2C%22settings%22%3A%7B%22slidesToShow%22%3A1%2C%22slidesToScroll%22%3A1%7D%7D%5D\">\n<div class=\"brz-carousel__item\">\n<div class=\"brz-columns brz-css-fsqn4 brz-css-1ysrpco\" data-brz-custom-id=\"aurct26Btk2Y\">\n<div class=\"brz-bg\"><\/div>\n<div class=\"brz-column__items brz-css-14pge15 brz-css-rcv6vx\">\n<div id=\"\" class=\"brz-css-egdhsk brz-css-x8szve brz-wrapper\">\n<div class=\"brz-image brz-image__lightbox brz-css-76sdzh\" data-brz-custom-id=\"m_SjKpwG7FiT\"><a class=\"brz-a\" href=\"https:\/\/leiriartem.gql.pt\/wp-content\/uploads\/2025\/06\/LeiriArtem53-scaled.jpg\" target=\"_self\" rel=\"noopener\" data-brz-link-type=\"lightBox\"><picture class=\"brz-picture brz-d-block brz-p-relative brz-css-1y8w3mk\"><source srcset=\"https:\/\/leiriartem.gql.pt\/wp-content\/uploads\/brizy\/imgs\/LeiriArtem53-scaled-368x245x9x0x327x245x1750871236.jpg 1x, https:\/\/leiriartem.gql.pt\/wp-content\/uploads\/brizy\/imgs\/LeiriArtem53-scaled-736x490x18x0x654x490x1750871236.jpg 2x\" media=\"(min-width: 992px)\"><source srcset=\"https:\/\/leiriartem.gql.pt\/?brizy_media=wp-3c83fc5f1eff274dafeac06101402727.jpg&amp;brizy_crop=iW%3D325%26iH%3D217%26oX%3D8%26oY%3D0%26cW%3D289%26cH%3D217 1x, https:\/\/leiriartem.gql.pt\/?brizy_media=wp-3c83fc5f1eff274dafeac06101402727.jpg&amp;brizy_crop=iW%3D650%26iH%3D434%26oX%3D16%26oY%3D0%26cW%3D578%26cH%3D434 2x\" media=\"(min-width: 768px)\"><img decoding=\"async\" class=\"brz-img\" srcset=\"https:\/\/leiriartem.gql.pt\/?brizy_media=wp-3c83fc5f1eff274dafeac06101402727.jpg&amp;brizy_crop=iW%3D484%26iH%3D323%26oX%3D12%26oY%3D0%26cW%3D430%26cH%3D323 1x, https:\/\/leiriartem.gql.pt\/wp-content\/uploads\/brizy\/imgs\/LeiriArtem53-scaled-968x646x24x0x860x646x1750871236.jpg 2x\" src=\"https:\/\/leiriartem.gql.pt\/wp-content\/uploads\/brizy\/imgs\/LeiriArtem53-scaled-368x245x9x0x327x245x1750871236.jpg\" alt=\"\" draggable=\"false\" loading=\"lazy\"><\/picture><\/a><\/div>\n<\/div>\n<\/div>\n<\/div>\n<\/div>\n<div class=\"brz-carousel__item\">\n<div class=\"brz-columns brz-css-fsqn4 brz-css-1ysrpco\" data-brz-custom-id=\"ojHbjrn0mP0X\">\n<div class=\"brz-bg\"><\/div>\n<div class=\"brz-column__items brz-css-14pge15 brz-css-7sd50i\">\n<div id=\"\" class=\"brz-css-egdhsk brz-css-e68yl8 brz-wrapper\">\n<div class=\"brz-image brz-image__lightbox brz-css-19gqspq\" data-brz-custom-id=\"kmYi74K0EidH\"><a class=\"brz-a\" href=\"https:\/\/leiriartem.gql.pt\/wp-content\/uploads\/2025\/06\/LeiriArtem56-scaled.jpg\" target=\"_self\" rel=\"noopener\" data-brz-link-type=\"lightBox\"><picture class=\"brz-picture brz-d-block brz-p-relative brz-css-12uujrv\"><source srcset=\"https:\/\/leiriartem.gql.pt\/wp-content\/uploads\/brizy\/imgs\/LeiriArtem56-scaled-368x245x20x0x327x245x1750871269.jpg 1x, https:\/\/leiriartem.gql.pt\/wp-content\/uploads\/brizy\/imgs\/LeiriArtem56-scaled-736x490x40x0x654x490x1750871269.jpg 2x\" media=\"(min-width: 992px)\"><source srcset=\"https:\/\/leiriartem.gql.pt\/?brizy_media=wp-7f01210940c5fb26a17a59d156528a68.jpg&amp;brizy_crop=iW%3D325%26iH%3D217%26oX%3D18%26oY%3D0%26cW%3D289%26cH%3D217 1x, https:\/\/leiriartem.gql.pt\/?brizy_media=wp-7f01210940c5fb26a17a59d156528a68.jpg&amp;brizy_crop=iW%3D650%26iH%3D434%26oX%3D36%26oY%3D0%26cW%3D578%26cH%3D434 2x\" media=\"(min-width: 768px)\"><img decoding=\"async\" class=\"brz-img\" srcset=\"https:\/\/leiriartem.gql.pt\/?brizy_media=wp-7f01210940c5fb26a17a59d156528a68.jpg&amp;brizy_crop=iW%3D484%26iH%3D323%26oX%3D27%26oY%3D0%26cW%3D430%26cH%3D323 1x, https:\/\/leiriartem.gql.pt\/wp-content\/uploads\/brizy\/imgs\/LeiriArtem56-scaled-968x646x54x0x860x646x1750871269.jpg 2x\" src=\"https:\/\/leiriartem.gql.pt\/wp-content\/uploads\/brizy\/imgs\/LeiriArtem56-scaled-368x245x20x0x327x245x1750871269.jpg\" alt=\"\" draggable=\"false\" loading=\"lazy\"><\/picture><\/a><\/div>\n<\/div>\n<\/div>\n<\/div>\n<\/div>\n<div class=\"brz-carousel__item\">\n<div class=\"brz-columns brz-css-fsqn4 brz-css-1ysrpco\" data-brz-custom-id=\"hZdev73ZXjrQ\">\n<div class=\"brz-bg\"><\/div>\n<div class=\"brz-column__items brz-css-14pge15 brz-css-1cxq3hn\">\n<div id=\"\" class=\"brz-css-egdhsk brz-css-25gycs brz-wrapper\">\n<div class=\"brz-image brz-image__lightbox brz-css-1wgfa3z\" data-brz-custom-id=\"kIqfHXrQYIqE\"><a class=\"brz-a\" href=\"https:\/\/leiriartem.gql.pt\/wp-content\/uploads\/2025\/06\/LeiriArtem54-scaled.jpg\" target=\"_self\" rel=\"noopener\" data-brz-link-type=\"lightBox\"><picture class=\"brz-picture brz-d-block brz-p-relative brz-css-1etzzwa\"><source srcset=\"https:\/\/leiriartem.gql.pt\/wp-content\/uploads\/brizy\/imgs\/LeiriArtem54-scaled-368x245x20x0x327x245x1750871248.jpg 1x, https:\/\/leiriartem.gql.pt\/wp-content\/uploads\/brizy\/imgs\/LeiriArtem54-scaled-736x490x40x0x654x490x1750871248.jpg 2x\" media=\"(min-width: 992px)\"><source srcset=\"https:\/\/leiriartem.gql.pt\/?brizy_media=wp-d563a1250239ba67dc3223bb1183b54d.jpg&amp;brizy_crop=iW%3D325%26iH%3D217%26oX%3D18%26oY%3D0%26cW%3D289%26cH%3D217 1x, https:\/\/leiriartem.gql.pt\/?brizy_media=wp-d563a1250239ba67dc3223bb1183b54d.jpg&amp;brizy_crop=iW%3D650%26iH%3D434%26oX%3D36%26oY%3D0%26cW%3D578%26cH%3D434 2x\" media=\"(min-width: 768px)\"><img decoding=\"async\" class=\"brz-img\" srcset=\"https:\/\/leiriartem.gql.pt\/?brizy_media=wp-d563a1250239ba67dc3223bb1183b54d.jpg&amp;brizy_crop=iW%3D484%26iH%3D323%26oX%3D27%26oY%3D0%26cW%3D430%26cH%3D323 1x, https:\/\/leiriartem.gql.pt\/wp-content\/uploads\/brizy\/imgs\/LeiriArtem54-scaled-968x646x54x0x860x646x1750871248.jpg 2x\" src=\"https:\/\/leiriartem.gql.pt\/wp-content\/uploads\/brizy\/imgs\/LeiriArtem54-scaled-368x245x20x0x327x245x1750871248.jpg\" alt=\"\" draggable=\"false\" loading=\"lazy\"><\/picture><\/a><\/div>\n<\/div>\n<\/div>\n<\/div>\n<\/div>\n<p><svg class=\"brz-icon-svg align-[initial] brz-hidden\"><use href=\"\/wp-content\/plugins\/brizy\/public\/editor-build\/prod\/editor\/icons\/editor\/right-arrow-thin.svg#brz_icon\"><\/use><\/svg><\/div>\n<\/div>\n<\/div>\n<\/div>\n<\/div>\n<\/div>\n<\/div>\n<div class=\"brz-wrapper-clone brz-css-992u8n brz-css-aso66k\">\n<div class=\"brz-d-xs-flex brz-flex-xs-wrap brz-css-184p8u5 brz-css-4p4gyr\" data-brz-custom-id=\"\">\n<div class=\"brz-wrapper-clone__item\" id=\"o_ePAbeLyAER\"><a class=\"brz-a brz-btn brz-css-abjbdb brz-css-1ljagdz brz-css-1sjbyc5 brz-css-jrf52s\" href=\"https:\/\/www.secure-hotel-booking.com\/Hotel-LeiriArtem\/J1XX\/\" target=\"_blank\" rel=\"noopener\" data-brz-link-type=\"external\" data-brz-custom-id=\"o_ePAbeLyAER\"><svg class=\"brz-icon-svg align-[initial] brz-css-15ai0so brz-css-1klfmuf\"><use href=\"\/wp-content\/plugins\/brizy\/public\/editor-build\/prod\/editor\/icons\/outline\/calendar-grid-61.svg#nc_icon\"><\/use><\/svg><span data-brz-translate-text=\"1\" class=\"brz-span brz-text__editor\">DESDE 109 \u20ac<\/span><\/a><\/div>\n<\/div>\n<\/div>\n<\/div>\n<\/div>\n<\/section>\n<section id=\"7d5cd64ca084dac3b118_atGBx7oF7Ob1\" class=\"brz-section brz-css-dt0zo9\">\n<div class=\"brz-section__content brz-section--boxed brz-css-2m77at brz-css-izoyzf\" data-brz-custom-id=\"uO8LvUM5UNJ9\">\n<div class=\"brz-bg\">\n<div class=\"brz-bg-color\"><\/div>\n<\/div>\n<div class=\"brz-container brz-css-chjhq5\">\n<div class=\"brz-row__container brz-css-1gzg7ee\" data-brz-custom-id=\"ztqoria_BldD\">\n<div class=\"brz-bg\"><\/div>\n<div class=\"brz-row brz-css-1p5u7ng brz-css-4gyq5u\">\n<div class=\"brz-columns brz-css-fsqn4 brz-css-a4xv43\" data-brz-custom-id=\"kbBmevKyyeOA\">\n<div class=\"brz-bg\"><\/div>\n<div class=\"brz-column__items brz-css-14pge15 brz-css-rpif6u\">\n<div id=\"\" class=\"brz-css-egdhsk brz-css-ohhpef brz-wrapper\">\n<div class=\"brz-rich-text brz-rich-text__custom brz-css-1pcufr7\" data-brz-custom-id=\"xO9GJgPqc4oo\">\n<div data-brz-translate-text=\"1\">\n<h3 class=\"brz-mb-xs-0 brz-mt-xs-0 brz-mt-lg-0 brz-mb-lg-0 brz-bcp-color4 brz-tp-lg-heading2 brz-text-xs-left brz-text-lg-left brz-css-ue0D_\" data-uniq-id=\"sjMpx\" data-generated-css=\"brz-css-qYz1J\"><span class=\"brz-cp-color2\" style=\"color: rgba(var(--brz-global-color2),1);\">Sobre a artista<\/span><\/h3>\n<\/div>\n<\/div>\n<\/div>\n<div id=\"\" class=\"brz-css-egdhsk brz-css-15nnu5b brz-wrapper\">\n<div class=\"brz-rich-text brz-rich-text__custom brz-css-1pcufr7\" data-brz-custom-id=\"zpsKLNHxu_oe\">\n<div data-brz-translate-text=\"1\">\n<h2 class=\"brz-mt-xs-0 brz-mb-xs-0 brz-mt-lg-0 brz-mb-lg-0 brz-text-xs-left brz-tp-lg-heading2 brz-text-lg-left brz-css-imGkZ\" data-uniq-id=\"maX3j\" data-generated-css=\"brz-css-onIVP\"><span class=\"brz-cp-color4\" style=\"color: rgba(var(--brz-global-color4),1);\">S\u00edlvia Patr\u00edcio<\/span><\/h2>\n<\/div>\n<\/div>\n<\/div>\n<div id=\"\" class=\"brz-css-egdhsk brz-css-vr46l1 brz-wrapper\">\n<div class=\"brz-rich-text brz-rich-text__custom brz-css-1pcufr7\" data-brz-custom-id=\"goXf9KPkgY20\">\n<div data-brz-translate-text=\"1\">\n<p class=\"brz-text-lg-left brz-tp-lg-paragraph brz-text-xs-left brz-css-zspQ3\" data-uniq-id=\"kXoKm\" data-generated-css=\"brz-css-vFd9O\"><span class=\"brz-cp-color2\" style=\"color: rgba(var(--brz-global-color2),1);\">Nasceu em Paris a 1974, Fran\u00e7a. Desde 2007 que dedica por inteiro \u00e0s artes pl\u00e1sticas.<\/span><\/p>\n<p class=\"brz-text-lg-left brz-tp-lg-paragraph brz-text-xs-left brz-css-gOPVv\" data-uniq-id=\"ajO8D\" data-generated-css=\"brz-css-t4pQn\"><span class=\"brz-cp-color2\" style=\"color: rgba(var(--brz-global-color2),1);\">Em 1997 realizou a minha primeira exposi\u00e7\u00e3o: &#8220;O OUTRO LADO&#8221;, em Leiria. Uma grafia pict\u00f3rica sobre o lugar da floresta, do mundo das \u00e1rvores, tema a que actualmente regresso. O universo da bot\u00e2nica revela-se uma constante fascinante, existe um paralelismo entre este e a constru\u00e7\u00e3o das sociedades. Tanto no sentido da influ\u00eancia que a natureza tem em n\u00f3s, como n\u00f3s, nela. Exp\u00f4s na galeria Unamuno em Salamanca, Espanha com o tema &#8220;SUSURRANDO UNA HISTORIA&#8221; em 2007.<\/span><\/p>\n<p class=\"brz-text-lg-left brz-tp-lg-paragraph brz-text-xs-left brz-css-sjC5r\" data-uniq-id=\"ajO8D\" data-generated-css=\"brz-css-t4pQn\"><span class=\"brz-cp-color2\" style=\"color: rgba(var(--brz-global-color2),1);\"> <\/span><\/p>\n<p class=\"brz-text-lg-left brz-tp-lg-paragraph brz-text-xs-left brz-css-v56fL\" data-uniq-id=\"o4qkk\" data-generated-css=\"brz-css-bQAnN\"><span class=\"brz-cp-color2\" style=\"color: rgba(var(--brz-global-color2),1);\">Em 2009 nasce uma exposi\u00e7\u00e3o de pintura &#8220;ESSA PAIX\u00c3O PROIBIDA&#8221;, baseada no romance liter\u00e1rio O crime do Padre Amaro de E\u00e7a de Queiroz, sendo exposta na Galeria Ensaios, em Leiria, e em 2012 e no Centro Cultural de Resende. Esta exposi\u00e7\u00e3o ser\u00e1 mais tarde (2013) impressa em lonas de grande formato, expostas nas ruas do centro hist\u00f3rico de Leiria, integrando o roteiro Queirosiano.<\/span><\/p>\n<p class=\"brz-text-lg-left brz-tp-lg-paragraph brz-text-xs-left brz-css-ybrGB\" data-uniq-id=\"k1Eyv\" data-generated-css=\"brz-css-rcwEC\"><span class=\"brz-cp-color2\" style=\"color: rgba(var(--brz-global-color2),1);\">Em 2011, inspirada no universo portugu\u00eas, criou um conjunto de pinturas que resultaram da leitura de contos e lendas de Portugal, expostas tamb\u00e9m na Galeria Ensaios em Leiria.<\/span><\/p>\n<p class=\"brz-text-lg-left brz-tp-lg-paragraph brz-text-xs-left brz-css-gKJ8_\" data-uniq-id=\"a72VW\" data-generated-css=\"brz-css-pnKA0\"><span class=\"brz-cp-color2\" style=\"color: rgba(var(--brz-global-color2),1);\">Inserida no Festival de M\u00fasica G\u00f3tica &#8220;Entremuralhas 2009&#8221;, a exposi\u00e7\u00e3o &#8220;ENTREMUNDOS &#8221; foi inspirada neste universo. Desde a poesia \u00e0s sonoridades.<\/span><\/p>\n<p class=\"brz-text-lg-left brz-tp-lg-paragraph brz-text-xs-left brz-css-lCIfp\" data-uniq-id=\"a72VW\" data-generated-css=\"brz-css-pnKA0\"><span class=\"brz-cp-color2\" style=\"color: rgba(var(--brz-global-color2),1);\"> <\/span><\/p>\n<p class=\"brz-text-lg-left brz-tp-lg-paragraph brz-text-xs-left brz-css-dWuJF\" data-uniq-id=\"zIyGJ\" data-generated-css=\"brz-css-xMAdF\"><span class=\"brz-cp-color2\" style=\"color: rgba(var(--brz-global-color2),1);\">No ano seguinte, 2012, criou um conjunto de trabalhos intitulado &#8220;DO PRINC\u00cdPIO AO FIM&#8221;, que teve como tema central a condi\u00e7\u00e3o humana. Expostos no BAG em Leiria e no CCC de Coimbra, o projecto foi novamente apresentado em Paris em 2013, na Casa de Portugal, com o apoio da Funda\u00e7\u00e3o Calouste Gulbenkian e do Instituto Cam\u00f5es.<\/span><\/p>\n<p class=\"brz-text-lg-left brz-tp-lg-paragraph brz-text-xs-left brz-css-xgRf7\" data-uniq-id=\"zIyGJ\" data-generated-css=\"brz-css-xMAdF\"><span class=\"brz-cp-color2\" style=\"color: rgba(var(--brz-global-color2),1);\"> <\/span><\/p>\n<p class=\"brz-text-lg-left brz-tp-lg-paragraph brz-text-xs-left brz-css-mhbz9\" data-uniq-id=\"iph35\" data-generated-css=\"brz-css-nK0Ed\"><span class=\"brz-cp-color2\" style=\"color: rgba(var(--brz-global-color2),1);\">Procurando explorar outras linguagens e registos do pensamento e com a colabora\u00e7\u00e3o de Sofia Mota, atrav\u00e9s da fotografia, v\u00eddeo e instala\u00e7\u00e3o, criou a \u201cON\u00cdRIA&#8221; em 2013: um mergulho\/viagem ao interior feminino, a que um dia gostaria de voltar.<\/span><\/p>\n<p class=\"brz-text-lg-left brz-tp-lg-paragraph brz-text-xs-left brz-css-d7Zwe\" data-uniq-id=\"aiZY9\" data-generated-css=\"brz-css-fpR3s\"><span class=\"brz-cp-color2\" style=\"color: rgba(var(--brz-global-color2),1);\">Da minha estadia no Porto, em 2014 nasce, em parceria com o Hospital S\u00e3o Jo\u00e3o, &#8220;DA CURA A FELICIDADE&#8221;, uma exposi\u00e7\u00e3o que juntou testemunhos e experi\u00eancias com a doen\u00e7a, da cura aos processos de supera\u00e7\u00e3o, resultando num conjunto de pinturas.<\/span><\/p>\n<p class=\"brz-text-lg-left brz-text-xs-left brz-tp-lg-empty brz-ff-open_sans brz-ft-google brz-fs-lg-16 brz-fss-lg-px brz-fw-lg-400 brz-ls-lg-m_0_2 brz-lh-lg-1_7 brz-vfw-lg-400 brz-fwdth-lg-100 brz-fsft-lg-0 brz-css-dpJvM\" data-uniq-id=\"ftkWZ\" data-generated-css=\"brz-css-w9vLT\"><span class=\"brz-cp-color2\" style=\"color: rgba(var(--brz-global-color2),1);\">Em 2016, ap\u00f3s a leitura, de um dos livros mais antigos do mundo, a B\u00edblia, nasce a \u201cHUMAN\u00c1RIO&#8221;. Seleccionou do Antigo Testamento, um relato, uma descri\u00e7\u00e3o sobre a cria\u00e7\u00e3o do mundo. Como, em 7 dias, da escurid\u00e3o nasce a Luz, do nada o tudo, at\u00e9 ao <\/span><em class=\"brz-cp-color2 brz-italic-true\" style=\"color: rgba(var(--brz-global-color2),1);\">Big Bang<\/em><span class=\"brz-cp-color2\" style=\"color: rgba(var(--brz-global-color2),1);\"> da nossa ci\u00eancia, culminando numa exposi\u00e7\u00e3o, de pintura\/instala\u00e7\u00e3o, em Leiria no BAG (2016) e no CCC (2017) em Lisboa.<\/span><\/p>\n<p class=\"brz-text-lg-left brz-tp-lg-paragraph brz-text-xs-left brz-css-wlzqs\" data-uniq-id=\"yzfRk\" data-generated-css=\"brz-css-eKJyr\"><span class=\"brz-cp-color2\" style=\"color: rgba(var(--brz-global-color2),1);\">Depois de uma pequena temporada em Macau, participou na exposi\u00e7\u00e3o do centen\u00e1rio de Camilo Pessanha, assim como em 2018 e 2022 na Bienal de Macau (artfem).<\/span><\/p>\n<p class=\"brz-text-lg-left brz-tp-lg-paragraph brz-text-xs-left brz-css-ko4uP\" data-uniq-id=\"yzfRk\" data-generated-css=\"brz-css-eKJyr\"><span class=\"brz-cp-color2\" style=\"color: rgba(var(--brz-global-color2),1);\"> <\/span><\/p>\n<p class=\"brz-text-lg-left brz-tp-lg-paragraph brz-text-xs-left brz-css-lOYJW\" data-uniq-id=\"tKgoV\" data-generated-css=\"brz-css-cHPVe\"><span class=\"brz-cp-color2\" style=\"color: rgba(var(--brz-global-color2),1);\">Num contexto da arte sacra, em 2017 foi convidada a criar as imagens oficiais dos Pastorinhos de F\u00e1tima, aquando da sua canoniza\u00e7\u00e3o e vinda do Papa a Portugal. Foram expostas na fachada do Santu\u00e1rio e mais tarde integradas na Colec\u00e7\u00e3o do Museu de F\u00e1tima.<\/span><\/p>\n<p class=\"brz-text-lg-left brz-text-xs-left brz-tp-lg-empty brz-ff-open_sans brz-ft-google brz-fs-lg-16 brz-fss-lg-px brz-fw-lg-400 brz-ls-lg-m_0_2 brz-lh-lg-1_7 brz-vfw-lg-400 brz-fwdth-lg-100 brz-fsft-lg-0 brz-css-hml8c\" data-uniq-id=\"fA0RP\" data-generated-css=\"brz-css-eiU1c\"><span class=\"brz-cp-color2\" style=\"color: rgba(var(--brz-global-color2),1);\">Em 2018 a artista volta ao tema da bot\u00e2nica, da leitura da Metamorfose das Plantas de Goethe surge a &#8220;METAMORPHOSIS&#8221;, um conjunto de trabalhos, pintura e instala\u00e7\u00e3o que ser\u00e3o expostos nesse mesmo ano na Galeria Arquivo e <\/span><em class=\"brz-cp-color2 brz-italic-true\" style=\"color: rgba(var(--brz-global-color2),1);\">No BAG<\/em><span class=\"brz-cp-color2\" style=\"color: rgba(var(--brz-global-color2),1);\"> em 2020 Leiria.<\/span><\/p>\n<p class=\"brz-text-lg-left brz-tp-lg-paragraph brz-text-xs-left brz-css-g4eJM\" data-uniq-id=\"h2zXd\" data-generated-css=\"brz-css-hOU4a\"><span class=\"brz-cp-color2\" style=\"color: rgba(var(--brz-global-color2),1);\">No ano 2021\/22, participou na exposi\u00e7\u00e3o &#8220;Rostos&#8221; no Museu de F\u00e1tima com cinco trabalhos &#8211; pintura e escultura.<\/span><\/p>\n<p class=\"brz-text-lg-left brz-text-xs-left brz-tp-lg-empty brz-ff-open_sans brz-ft-google brz-fs-lg-16 brz-fss-lg-px brz-fw-lg-400 brz-ls-lg-m_0_2 brz-lh-lg-1_7 brz-vfw-lg-400 brz-fwdth-lg-100 brz-fsft-lg-0 brz-css-zjylz\" data-uniq-id=\"eomPO\" data-generated-css=\"brz-css-yKStT\"><span class=\"brz-cp-color2\" style=\"color: rgba(var(--brz-global-color2),1);\">Em 2022 exp\u00f4s no <\/span><em class=\"brz-cp-color2 brz-italic-true\" style=\"color: rgba(var(--brz-global-color2),1);\">FROM DATA TO WISDOM<\/em><span class=\"brz-cp-color2\" style=\"color: rgba(var(--brz-global-color2),1);\">, em co-autoria com investigadores do Instituto de Filosofia da Universidade de Porto, na Galeria de biodiversidade-centro de ci\u00eancia viva, mgnc, Porto. Nesse mesmo ano integrou o projecto ARTE BOX, organizado pelo ARTE INSTITUTE, exposi\u00e7\u00e3o circular por v\u00e1rios aeroportos internacionais (Europa e USA).<\/span><\/p>\n<p class=\"brz-text-lg-left brz-text-xs-left brz-tp-lg-empty brz-ff-open_sans brz-ft-google brz-fs-lg-16 brz-fss-lg-px brz-fw-lg-400 brz-ls-lg-m_0_2 brz-lh-lg-1_7 brz-vfw-lg-400 brz-fwdth-lg-100 brz-fsft-lg-0 brz-css-yjZYj\" data-uniq-id=\"eomPO\" data-generated-css=\"brz-css-yKStT\"><span class=\"brz-cp-color2\" style=\"color: rgba(var(--brz-global-color2),1);\"> <\/span><\/p>\n<p class=\"brz-text-lg-left brz-tp-lg-paragraph brz-text-xs-left brz-css-iwFzV\" data-uniq-id=\"gTJOV\" data-generated-css=\"brz-css-aCgQL\"><span class=\"brz-cp-color2\" style=\"color: rgba(var(--brz-global-color2),1);\">Foi inaugurada em 2022 uma escultura p\u00fablica na Cidade de Leiria, numa homenagem ao Cardeal Dom Ant\u00f3nio Marto. Em 2023 teve a oportunidade de criar o \u201ccora\u00e7\u00e3o-relic\u00e1rio\u201d, para oferta do Santu\u00e1rio de F\u00e1tima ao Papa Francisco, aquando da sua vinda a Portugal. No in\u00edcio do ano 2024 \u00e9 inaugurada na Igreja da Golpilheira um conjunto de vitrais e tr\u00eas novas esculturas.<\/span><\/p>\n<p class=\"brz-text-lg-left brz-tp-lg-paragraph brz-text-xs-left brz-css-tMlil\" data-uniq-id=\"g7mjN\" data-generated-css=\"brz-css-tqCX9\"><span class=\"brz-cp-color2\" style=\"color: rgba(var(--brz-global-color2),1);\">Para al\u00e9m das exposi\u00e7\u00f5es aqui apresentadas realizou ao longo dos anos encomendas na \u00e1rea da pintura, escultura, e pe\u00e7as de integra\u00e7\u00e3o arquitetural. Os seus trabalhos est\u00e3o presentes em cole\u00e7\u00f5es p\u00fablicas e privadas.<\/span><\/p>\n<\/div>\n<\/div>\n<\/div>\n<div id=\"\" class=\"brz-css-egdhsk brz-css-1cdrjim brz-wrapper\">\n<div class=\"brz-spacer brz-css-1a4f6hx brz-css-1mi14a\"><\/div>\n<\/div>\n<div class=\"brz-wrapper-clone brz-css-992u8n brz-css-u6nfng\">\n<div class=\"brz-d-xs-flex brz-flex-xs-wrap brz-css-184p8u5 brz-css-8b8up2\" data-brz-custom-id=\"\">\n<div class=\"brz-wrapper-clone__item\" id=\"fbzW9APE7yE3\"><a class=\"brz-a brz-btn brz-css-abjbdb brz-css-15bmbnr brz-css-1sjbyc5 brz-css-hojohc\" href=\"http:\/\/www.silviapatricio.com\/\" target=\"_blank\" rel=\"noopener\" data-brz-link-type=\"external\" data-brz-custom-id=\"fbzW9APE7yE3\"><svg class=\"brz-icon-svg align-[initial] brz-css-15ai0so brz-css-1f3rkoo\"><use href=\"\/wp-content\/plugins\/brizy\/public\/editor-build\/prod\/editor\/icons\/outline\/world-2.svg#nc_icon\"><\/use><\/svg><span data-brz-translate-text=\"1\" class=\"brz-span brz-text__editor\">WEBSITE<\/span><\/a><\/div>\n<\/div>\n<\/div>\n<\/div>\n<\/div>\n<\/div>\n<\/div>\n<div id=\"\" class=\"brz-css-egdhsk brz-css-1cdrjim brz-wrapper\">\n<div class=\"brz-spacer brz-css-1a4f6hx brz-css-1tz2lo6\"><\/div>\n<\/div>\n<div class=\"brz-row__container brz-css-1gzg7ee\" data-brz-custom-id=\"cp7EwoDdDhbn\">\n<div class=\"brz-bg\"><\/div>\n<div class=\"brz-row brz-css-1p5u7ng brz-css-4gyq5u\">\n<div class=\"brz-columns brz-css-fsqn4 brz-css-zn6poy\" data-brz-custom-id=\"bg5tIgOQeJn7\">\n<div class=\"brz-bg\"><\/div>\n<div class=\"brz-column__items brz-css-14pge15 brz-css-28rhwf\">\n<div id=\"\" class=\"brz-css-egdhsk brz-css-3wik5k brz-wrapper\">\n<div class=\"brz-rich-text brz-rich-text__custom brz-css-1pcufr7\" data-brz-custom-id=\"mCiPLZMGTTkE\">\n<div data-brz-translate-text=\"1\">\n<h3 data-uniq-id=\"nBafC\" data-generated-css=\"brz-css-rDj2k\" class=\"brz-bcp-color4 brz-mb-lg-0 brz-mt-lg-0 brz-mb-xs-0 brz-mt-xs-0 brz-tp-lg-heading2 brz-text-lg-center brz-text-xs-center brz-css-fMrci\"><span class=\"brz-cp-color2\" style=\"color: rgba(var(--brz-global-color2),1);\">Outros Signature Rooms<\/span><\/h3>\n<\/div>\n<\/div>\n<\/div>\n<\/div>\n<\/div>\n<\/div>\n<\/div>\n<\/div>\n<\/div>\n<\/section>\n<\/div>\n<p>    <!-- version:1751996134 --><\/p>","protected":false},"excerpt":{"rendered":"<p>Quarto Signature by S\u00edlvia Patr\u00edcio O Voo Com o objetivo de promover a arte local e proporcionar uma experi\u00eancia \u00fanica aos seus h\u00f3spedes, convid\u00e1mos v\u00e1rios artistas da regi\u00e3o de Leiria a decorar dez dos nossos 27 quartos. Esta colabora\u00e7\u00e3o pretende n\u00e3o s\u00f3 dotar o Leiriartem Hotel de um ambiente mais distintivo e criativo, mas tamb\u00e9m&hellip; <a class=\"more-link\" href=\"https:\/\/leiriartem.gql.pt\/en\/quartos\/signature-by-silvia-patricio\/\">Continue reading <span class=\"screen-reader-text\">Signature by S\u00edlvia Patr\u00edcio<\/span><\/a><\/p>","protected":false},"author":1,"featured_media":1391,"parent":755,"menu_order":0,"comment_status":"closed","ping_status":"closed","template":"brizy-blank-template.php","meta":{"footnotes":""},"class_list":["post-2676","page","type-page","status-publish","has-post-thumbnail","hentry","entry"],"yoast_head":"<!-- This site is optimized with the Yoast SEO plugin v24.7 - https:\/\/yoast.com\/wordpress\/plugins\/seo\/ -->\n<title>Quarto Signature by S\u00edlvia Patr\u00edcio | Leiriartem Hotel | Grupo Quinta dos Lagos<\/title>\n<meta name=\"description\" content=\"Descubra o Quarto Signature by S\u00edlvia Patr\u00edcio: O Voo. Conhe\u00e7a este e outros quartos do Leiriartem Hotel decorados por artistas da regi\u00e3o.\" \/>\n<meta name=\"robots\" content=\"index, follow, max-snippet:-1, max-image-preview:large, max-video-preview:-1\" \/>\n<link rel=\"canonical\" href=\"https:\/\/leiriartem.gql.pt\/en\/quartos\/signature-by-silvia-patricio\/\" \/>\n<meta property=\"og:locale\" content=\"en_GB\" \/>\n<meta property=\"og:type\" content=\"article\" \/>\n<meta property=\"og:title\" content=\"Quarto Signature by S\u00edlvia Patr\u00edcio | Leiriartem Hotel\" \/>\n<meta property=\"og:description\" content=\"Descubra o Quarto Signature by S\u00edlvia Patr\u00edcio: O Voo. Conhe\u00e7a este e outros quartos do Leiriartem Hotel decorados por artistas da regi\u00e3o.\" \/>\n<meta property=\"og:url\" content=\"https:\/\/leiriartem.gql.pt\/en\/quartos\/signature-by-silvia-patricio\/\" \/>\n<meta property=\"og:site_name\" content=\"Leiriartem Hotel\" \/>\n<meta property=\"article:modified_time\" content=\"2025-07-08T17:35:34+00:00\" \/>\n<meta property=\"og:image\" content=\"https:\/\/leiriartem.gql.pt\/wp-content\/uploads\/2025\/03\/Artboard-27.png\" \/>\n\t<meta property=\"og:image:width\" content=\"1200\" \/>\n\t<meta property=\"og:image:height\" content=\"675\" \/>\n\t<meta property=\"og:image:type\" content=\"image\/png\" \/>\n<meta name=\"twitter:card\" content=\"summary_large_image\" \/>\n<meta name=\"twitter:title\" content=\"Quarto Signature by S\u00edlvia Patr\u00edcio | Leiriartem Hotel\" \/>\n<meta name=\"twitter:description\" content=\"Descubra o Quarto Signature by S\u00edlvia Patr\u00edcio: O Voo. Conhe\u00e7a este e outros quartos do Leiriartem Hotel decorados por artistas da regi\u00e3o.\" \/>\n<meta name=\"twitter:image\" content=\"https:\/\/leiriartem.gql.pt\/wp-content\/uploads\/2025\/03\/Artboard-27.png\" \/>\n<meta name=\"twitter:label1\" content=\"Estimated reading time\" \/>\n\t<meta name=\"twitter:data1\" content=\"5 minutes\" \/>\n<script type=\"application\/ld+json\" class=\"yoast-schema-graph\">{\"@context\":\"https:\/\/schema.org\",\"@graph\":[{\"@type\":\"WebPage\",\"@id\":\"https:\/\/leiriartem.gql.pt\/quartos\/signature-by-silvia-patricio\/\",\"url\":\"https:\/\/leiriartem.gql.pt\/quartos\/signature-by-silvia-patricio\/\",\"name\":\"Quarto Signature by S\u00edlvia Patr\u00edcio | Leiriartem Hotel | Grupo Quinta dos Lagos\",\"isPartOf\":{\"@id\":\"https:\/\/leiriartem.gql.pt\/#website\"},\"primaryImageOfPage\":{\"@id\":\"https:\/\/leiriartem.gql.pt\/quartos\/signature-by-silvia-patricio\/#primaryimage\"},\"image\":{\"@id\":\"https:\/\/leiriartem.gql.pt\/quartos\/signature-by-silvia-patricio\/#primaryimage\"},\"thumbnailUrl\":\"https:\/\/leiriartem.gql.pt\/wp-content\/uploads\/2025\/02\/SilviaPatricio.webp\",\"datePublished\":\"2025-03-06T14:33:35+00:00\",\"dateModified\":\"2025-07-08T17:35:34+00:00\",\"description\":\"Descubra o Quarto Signature by S\u00edlvia Patr\u00edcio: O Voo. Conhe\u00e7a este e outros quartos do Leiriartem Hotel decorados por artistas da regi\u00e3o.\",\"breadcrumb\":{\"@id\":\"https:\/\/leiriartem.gql.pt\/quartos\/signature-by-silvia-patricio\/#breadcrumb\"},\"inLanguage\":\"en-GB\",\"potentialAction\":[{\"@type\":\"ReadAction\",\"target\":[\"https:\/\/leiriartem.gql.pt\/quartos\/signature-by-silvia-patricio\/\"]}]},{\"@type\":\"ImageObject\",\"inLanguage\":\"en-GB\",\"@id\":\"https:\/\/leiriartem.gql.pt\/quartos\/signature-by-silvia-patricio\/#primaryimage\",\"url\":\"https:\/\/leiriartem.gql.pt\/wp-content\/uploads\/2025\/02\/SilviaPatricio.webp\",\"contentUrl\":\"https:\/\/leiriartem.gql.pt\/wp-content\/uploads\/2025\/02\/SilviaPatricio.webp\",\"width\":1920,\"height\":1280,\"caption\":\"Quarto Signature by S\u00edlvia Patr\u00edcio - Leiriartem Leiria Artem Hotel - Grupo Quinta dos Lagos\"},{\"@type\":\"BreadcrumbList\",\"@id\":\"https:\/\/leiriartem.gql.pt\/quartos\/signature-by-silvia-patricio\/#breadcrumb\",\"itemListElement\":[{\"@type\":\"ListItem\",\"position\":1,\"name\":\"In\u00edcio\",\"item\":\"https:\/\/leiriartem.gql.pt\/\"},{\"@type\":\"ListItem\",\"position\":2,\"name\":\"Quartos\",\"item\":\"https:\/\/leiriartem.gql.pt\/quartos\/\"},{\"@type\":\"ListItem\",\"position\":3,\"name\":\"Signature by S\u00edlvia Patr\u00edcio\"}]},{\"@type\":\"WebSite\",\"@id\":\"https:\/\/leiriartem.gql.pt\/#website\",\"url\":\"https:\/\/leiriartem.gql.pt\/\",\"name\":\"Leiriartem Hotel\",\"description\":\"Grupo Quinta dos Lagos\",\"potentialAction\":[{\"@type\":\"SearchAction\",\"target\":{\"@type\":\"EntryPoint\",\"urlTemplate\":\"https:\/\/leiriartem.gql.pt\/?s={search_term_string}\"},\"query-input\":{\"@type\":\"PropertyValueSpecification\",\"valueRequired\":true,\"valueName\":\"search_term_string\"}}],\"inLanguage\":\"en-GB\"}]}<\/script>\n<!-- \/ Yoast SEO plugin. -->","yoast_head_json":{"title":"Quarto Signature by S\u00edlvia Patr\u00edcio | Leiriartem Hotel | Grupo Quinta dos Lagos","description":"Descubra o Quarto Signature by S\u00edlvia Patr\u00edcio: O Voo. Conhe\u00e7a este e outros quartos do Leiriartem Hotel decorados por artistas da regi\u00e3o.","robots":{"index":"index","follow":"follow","max-snippet":"max-snippet:-1","max-image-preview":"max-image-preview:large","max-video-preview":"max-video-preview:-1"},"canonical":"https:\/\/leiriartem.gql.pt\/en\/quartos\/signature-by-silvia-patricio\/","og_locale":"en_GB","og_type":"article","og_title":"Quarto Signature by S\u00edlvia Patr\u00edcio | Leiriartem Hotel","og_description":"Descubra o Quarto Signature by S\u00edlvia Patr\u00edcio: O Voo. Conhe\u00e7a este e outros quartos do Leiriartem Hotel decorados por artistas da regi\u00e3o.","og_url":"https:\/\/leiriartem.gql.pt\/en\/quartos\/signature-by-silvia-patricio\/","og_site_name":"Leiriartem Hotel","article_modified_time":"2025-07-08T17:35:34+00:00","og_image":[{"width":1200,"height":675,"url":"https:\/\/leiriartem.gql.pt\/wp-content\/uploads\/2025\/03\/Artboard-27.png","type":"image\/png"}],"twitter_card":"summary_large_image","twitter_title":"Quarto Signature by S\u00edlvia Patr\u00edcio | Leiriartem Hotel","twitter_description":"Descubra o Quarto Signature by S\u00edlvia Patr\u00edcio: O Voo. Conhe\u00e7a este e outros quartos do Leiriartem Hotel decorados por artistas da regi\u00e3o.","twitter_image":"https:\/\/leiriartem.gql.pt\/wp-content\/uploads\/2025\/03\/Artboard-27.png","twitter_misc":{"Estimated reading time":"5 minutes"},"schema":{"@context":"https:\/\/schema.org","@graph":[{"@type":"WebPage","@id":"https:\/\/leiriartem.gql.pt\/quartos\/signature-by-silvia-patricio\/","url":"https:\/\/leiriartem.gql.pt\/quartos\/signature-by-silvia-patricio\/","name":"Quarto Signature by S\u00edlvia Patr\u00edcio | Leiriartem Hotel | Grupo Quinta dos Lagos","isPartOf":{"@id":"https:\/\/leiriartem.gql.pt\/#website"},"primaryImageOfPage":{"@id":"https:\/\/leiriartem.gql.pt\/quartos\/signature-by-silvia-patricio\/#primaryimage"},"image":{"@id":"https:\/\/leiriartem.gql.pt\/quartos\/signature-by-silvia-patricio\/#primaryimage"},"thumbnailUrl":"https:\/\/leiriartem.gql.pt\/wp-content\/uploads\/2025\/02\/SilviaPatricio.webp","datePublished":"2025-03-06T14:33:35+00:00","dateModified":"2025-07-08T17:35:34+00:00","description":"Descubra o Quarto Signature by S\u00edlvia Patr\u00edcio: O Voo. Conhe\u00e7a este e outros quartos do Leiriartem Hotel decorados por artistas da regi\u00e3o.","breadcrumb":{"@id":"https:\/\/leiriartem.gql.pt\/quartos\/signature-by-silvia-patricio\/#breadcrumb"},"inLanguage":"en-GB","potentialAction":[{"@type":"ReadAction","target":["https:\/\/leiriartem.gql.pt\/quartos\/signature-by-silvia-patricio\/"]}]},{"@type":"ImageObject","inLanguage":"en-GB","@id":"https:\/\/leiriartem.gql.pt\/quartos\/signature-by-silvia-patricio\/#primaryimage","url":"https:\/\/leiriartem.gql.pt\/wp-content\/uploads\/2025\/02\/SilviaPatricio.webp","contentUrl":"https:\/\/leiriartem.gql.pt\/wp-content\/uploads\/2025\/02\/SilviaPatricio.webp","width":1920,"height":1280,"caption":"Quarto Signature by S\u00edlvia Patr\u00edcio - Leiriartem Leiria Artem Hotel - Grupo Quinta dos Lagos"},{"@type":"BreadcrumbList","@id":"https:\/\/leiriartem.gql.pt\/quartos\/signature-by-silvia-patricio\/#breadcrumb","itemListElement":[{"@type":"ListItem","position":1,"name":"In\u00edcio","item":"https:\/\/leiriartem.gql.pt\/"},{"@type":"ListItem","position":2,"name":"Quartos","item":"https:\/\/leiriartem.gql.pt\/quartos\/"},{"@type":"ListItem","position":3,"name":"Signature by S\u00edlvia Patr\u00edcio"}]},{"@type":"WebSite","@id":"https:\/\/leiriartem.gql.pt\/#website","url":"https:\/\/leiriartem.gql.pt\/","name":"Leiriartem Hotel","description":"Grupo Quinta dos Lagos","potentialAction":[{"@type":"SearchAction","target":{"@type":"EntryPoint","urlTemplate":"https:\/\/leiriartem.gql.pt\/?s={search_term_string}"},"query-input":{"@type":"PropertyValueSpecification","valueRequired":true,"valueName":"search_term_string"}}],"inLanguage":"en-GB"}]}},"_links":{"self":[{"href":"https:\/\/leiriartem.gql.pt\/en\/wp-json\/wp\/v2\/pages\/2676","targetHints":{"allow":["GET"]}}],"collection":[{"href":"https:\/\/leiriartem.gql.pt\/en\/wp-json\/wp\/v2\/pages"}],"about":[{"href":"https:\/\/leiriartem.gql.pt\/en\/wp-json\/wp\/v2\/types\/page"}],"author":[{"embeddable":true,"href":"https:\/\/leiriartem.gql.pt\/en\/wp-json\/wp\/v2\/users\/1"}],"replies":[{"embeddable":true,"href":"https:\/\/leiriartem.gql.pt\/en\/wp-json\/wp\/v2\/comments?post=2676"}],"version-history":[{"count":12,"href":"https:\/\/leiriartem.gql.pt\/en\/wp-json\/wp\/v2\/pages\/2676\/revisions"}],"predecessor-version":[{"id":4341,"href":"https:\/\/leiriartem.gql.pt\/en\/wp-json\/wp\/v2\/pages\/2676\/revisions\/4341"}],"up":[{"embeddable":true,"href":"https:\/\/leiriartem.gql.pt\/en\/wp-json\/wp\/v2\/pages\/755"}],"wp:featuredmedia":[{"embeddable":true,"href":"https:\/\/leiriartem.gql.pt\/en\/wp-json\/wp\/v2\/media\/1391"}],"wp:attachment":[{"href":"https:\/\/leiriartem.gql.pt\/en\/wp-json\/wp\/v2\/media?parent=2676"}],"curies":[{"name":"wp","href":"https:\/\/api.w.org\/{rel}","templated":true}]}}